{"id":1184,"date":"2015-03-09T13:06:33","date_gmt":"2015-03-09T12:06:33","guid":{"rendered":"http:\/\/salon-urody.wroclaw.pl\/?page_id=1184"},"modified":"2023-12-13T14:35:32","modified_gmt":"2023-12-13T13:35:32","slug":"programy-lojalnosciowe","status":"publish","type":"page","link":"https:\/\/salon-urody.wroclaw.pl\/index.php\/promocje\/programy-lojalnosciowe\/","title":{"rendered":"Razem ra\u017aniej"},"content":{"rendered":"<p><span style=\"color: #800080;\"><strong>Razem ra\u017aniej<\/strong><\/span><\/p>\n<p>Razem z blisk\u0105 Ci osob\u0105, przyjaci\u00f3\u0142k\u0105, mam\u0105, c\u00f3rk\u0105 czy partnerem sp\u0119d\u017a czas przy wyszukanych rytua\u0142ach piel\u0119gnacyjnych i relaksacyjnych.<\/p>\n<ul>\n<li lang=\"en-US\"><a href=\"http:\/\/instytut27.booksy.com\"><span style=\"color: #ff66cc;\"><span style=\"font-size: small;\">French Kiss De Lux VIP + SPA D\u0142oni<\/span><\/span><\/a><\/li>\n<\/ul>\n<p>Ciesz si\u0119 wieloetapowym relaksuj\u0105cym zabiegiem, \u0142\u0105cz\u0105cym w sobie terapi\u0119 na cia\u0142o i na twarz:<\/p>\n<ul>\n<li>Poddaj si\u0119 relaksuj\u0105cemu zabiegowi na wybran\u0105 cz\u0119\u015b\u0107 cia\u0142a &#8211; zaczynamy od oczyszczaj\u0105cego peelingu cukrowego, nast\u0119pnie wykonujemy relaksuj\u0105cy lub modeluj\u0105cy masa\u017c, na zako\u0144czenie aplikujemy specjaln\u0105 mask\u0119 od\u017cywcz\u0105<\/li>\n<li>Nast\u0119pnie wykonujemy zabieg\u00a0 na urz\u0105dzeniu 3D Slimm aktywuj\u0105cy dzia\u0142anie sk\u0142adnik\u00f3w pobudzaj\u0105cych procesy spalania tkanki t\u0142uszczowej (20 min) na jedn\u0105 parti\u0119 cia\u0142a do wyboru<\/li>\n<li>Zabieg na twarz dobrany indywidualnie do potrzeb sk\u00f3ry &#8211; oksybrazja ( peeling wodno- tlenowy, powoduj\u0105cy delikatne z\u0142uszczenie nask\u00f3rka &#8211; poprawia nawil\u017cenie, dotlenia j\u0105<br \/>\ni nadaje \u015bwie\u017cy wygl\u0105d ) lub infuzja tlenowa ( odm\u0142odzenie sk\u00f3ry oparte na wt\u0142aczaniu substancji aktywnych w g\u0142\u0105b sk\u00f3ry za pomoc\u0105 tlenu ).<\/li>\n<li>SPA D\u0142oni obejmuj\u0105ce wykonanie wyg\u0142adzaj\u0105cego peelingu oraz ok\u0142ad z zimnej parafiny &#8211; sk\u00f3ra zostaje doskonale nawil\u017cona, sk\u00f3rki wyg\u0142adzone a wygl\u0105d sk\u00f3ry d\u0142oni od razu si\u0119 poprawia!<\/li>\n<\/ul>\n<p>&nbsp;<\/p>\n<p lang=\"en-US\"><span style=\"color: #ff66cc;\"><span style=\"font-size: small;\">W pakiecie dla dw\u00f3ch os\u00f3b \u2013 479,99 z\u0142 ( cena regularna 1200 z\u0142 )<\/span><\/span><\/p>\n<ul>\n<li lang=\"en-US\">\n<p lang=\"en-US\"><span style=\"color: #ff66cc;\"><span style=\"font-size: small;\">Sekret M\u0142odo\u015bci <\/span><\/span><\/p>\n<\/li>\n<\/ul>\n<p>Zabieg zaczynamy od wykonania indywidualnie dobranego peelingu twarzy. Nast\u0119pnie aplikujemy na sk\u00f3r\u0119 serum ze \u015blimaka, kt\u00f3re wprowadzamy w g\u0142\u0105b sk\u00f3ry za pomoc\u0105 mezoterapii bezig\u0142owej. Zako\u0144czeniem zabiegu jest na\u0142o\u017cenie wyciszaj\u0105cej maski algowej.<\/p>\n<p>\u015aluz \u015blimaka jest bogaty w bardzo wa\u017cne dla cery sk\u0142adniki takie jak kolagen, elastyna, kwas glikolowy i allantoina. Dodatkowo zawiera r\u00f3wnie\u017c witaminy i minera\u0142y, w tym cenne przeciwutleniacze, kt\u00f3re dzia\u0142aj\u0105 przeciwstarzeniowo.<\/p>\n<p>Mezoterapia bezig\u0142owa jest zabiegiem u\u0142atwiaj\u0105cym przenikanie substancji w g\u0142\u0105b sk\u00f3ry, tworz\u0105c kanaliki za pomoc\u0105 impuls\u00f3w elektrycznych.<\/p>\n<p><span style=\"color: #ff66cc;\"><span style=\"font-size: small;\"><span lang=\"en-US\">W pakiecie dw\u00f3ch os\u00f3b \u2013 300z\u0142 ( cena regularna za jedn\u0105 osob\u0119 190 z\u0142 )<\/span><\/span><\/span><\/p>\n<ul>\n<li><span style=\"color: #ff66cc;\"><span style=\"font-family: Calibri, sans-serif;\"><span style=\"font-size: small;\">Derma Twins<\/span><\/span><\/span><\/li>\n<\/ul>\n<p>Jest to pakiet obejmuj\u0105cy zabieg mezoterapii mikroig\u0142owej za pomoc\u0105 Dermapena. Podczas zabiegu urz\u0105dzenie wykonuje setki mikro nak\u0142u\u0107, kt\u00f3re wytwarzaj\u0105 drog\u0119 do wnikania substancji aktywnych dopasowanych do indywidualnych potrzeb w g\u0142\u0105b sk\u00f3ry. Powsta\u0142y mikro uraz pobudza naturalne procesy regeneracyjne sk\u00f3ry, dzi\u0119ki czemu stymulujemy powstanie nowego kolagenu. Na zako\u0144czenie zabiegu nak\u0142adamy na sk\u00f3r\u0119 wyciszaj\u0105c\u0105 mask\u0119 z retinolem.<\/p>\n<p><span style=\"color: #ff66cc;\"><span style=\"font-family: Calibri, sans-serif;\"><span style=\"font-size: small;\">W pakiecie dw\u00f3ch os\u00f3b &#8211; 400 z\u0142 ( cena regularna za jedn\u0105 osob\u0119 300 z\u0142 ) <\/span><\/span><\/span><\/p>\n<ul>\n<li><span style=\"color: #ff66cc;\"><span style=\"font-family: Calibri, sans-serif;\"><span style=\"font-size: small;\">Zimne uderzenie<\/span><\/span><\/span><\/li>\n<\/ul>\n<p>Unikalne po\u0142\u0105czenie zabiegu kriolipolizy &#8211; wymra\u017cania kom\u00f3rek t\u0142uszczowych, z bezwzgl\u0119dn\u0105 fal\u0105 uderzeniow\u0105 wzmacniaj\u0105c\u0105 efekt zabiegowy.<\/p>\n<p>Kriolipoliza polega na trwa\u0142ej eliminacji kom\u00f3rek t\u0142uszczowych &#8211; poprzez nisk\u0105 temperatur\u0119 doprowadzamy do apoptozy czyli naturalnej zaprogramowanej \u015bmierci kom\u00f3rki. Zimno zmienia obj\u0119to\u015b\u0107 adipocyt\u00f3w &#8211; w wyniku zwi\u0119kszenia obj\u0119to\u015bci kom\u00f3rki t\u0142uszczowej doprowadzamy do jej rozerwania, dzi\u0119ki czemu jest \u0142atwiejsza do zmetabolizowania. <a title=\"Kriolipoliza\" href=\"http:\/\/salon-urody.wroclaw.pl\/index.php\/pielegnacja-ciala\/kriolipoliza\/\"><span style=\"color: #3366ff;\">Zabieg <strong>kriolipolizy<\/strong><\/span><\/a> &#8211; jedno przy\u0142o\u017cenie 350 z\u0142; dwa 449 z\u0142 (w czasie jednej sesji)<\/p>\n<p>Zastosowanie bezpo\u015brednio po kriolipolizie fali uderzeniowej ( fala d\u017awi\u0119kowa ) pozwala na zwi\u0119kszenie efektu zabiegowego. Fala powoduje dodatkowe uszkodzenie kom\u00f3rek t\u0142uszczowych dzi\u0119ki czemu podczas jednego zabiegu jeste\u015bmy w stanie usun\u0105\u0107 wi\u0119cej tkanki t\u0142uszczowej. Fala uderzeniowa wp\u0142ywa r\u00f3wnie\u017c na pobudzenie produkcji kolagenu i usprawnienie drena\u017cu, dzi\u0119ki czemu poprawia si\u0119 kondycja sk\u00f3ry i zmniejsza si\u0119 cellulit.<\/p>\n<ul>\n<li><span style=\"color: #ff66cc;\"><span style=\"font-family: Calibri, sans-serif;\"><span style=\"font-size: small;\">Ultra nawil\u017cenie <\/span><\/span><\/span><\/li>\n<\/ul>\n<p>Ultra nawil\u017caj\u0105cy zabieg na bazie Izraelskich produkt\u00f3w HL Juvelast w po\u0142\u0105czeniu z orze\u017awiaj\u0105c\u0105 oksybrazj\u0105 &#8211; zapewnij swojej sk\u00f3rze maksimum nawil\u017cenia.<\/p>\n<p>Zabieg jest idealny dla os\u00f3b, kt\u00f3re zmagaj\u0105 si\u0119 ze sk\u00f3r\u0105 such\u0105, zm\u0119czon\u0105 wakacyjnym s\u0142o\u0144cem z widocznymi przebarwieniami. Specjalny kompleks peptydowo-miedziowy oraz enzym naprawczy DNA powoduj\u0105 silne nawil\u017cenie i rozja\u015bnienie sk\u00f3ry.<\/p>\n<p><span style=\"color: #ff66cc;\"><span style=\"font-family: Calibri, sans-serif;\"><span style=\"font-size: small;\">W pakiecie dla dw\u00f3ch os\u00f3b &#8211; 560 z\u0142 ( cena regularna za jedn\u0105 osob\u0119 320 z\u0142 )<\/span><\/span><\/span><\/p>\n<ul>\n<li><span style=\"color: #ff66cc;\"> <span style=\"font-family: Calibri, sans-serif;\"><span style=\"font-size: small;\">Z przyjaci\u00f3\u0142k\u0105 &#8211; 10 %<\/span><\/span><\/span><\/li>\n<\/ul>\n<p><img decoding=\"async\" class=\"alignnone wp-image-1185 lazyload\" data-src=\"http:\/\/salon-urody.wroclaw.pl\/wp-content\/uploads\/2015\/03\/Dla-niej-i-dla-niego-300x120.jpg\" alt=\"Dla niej i dla niego\" width=\"390\" height=\"156\" data-wp-pid=\"1185\" data-srcset=\"https:\/\/salon-urody.wroclaw.pl\/wp-content\/uploads\/2015\/03\/Dla-niej-i-dla-niego-300x120.jpg 300w, https:\/\/salon-urody.wroclaw.pl\/wp-content\/uploads\/2015\/03\/Dla-niej-i-dla-niego-150x60.jpg 150w, https:\/\/salon-urody.wroclaw.pl\/wp-content\/uploads\/2015\/03\/Dla-niej-i-dla-niego.jpg 618w\" data-sizes=\"(max-width: 390px) 100vw, 390px\" src=\"data:image\/svg+xml;base64,PHN2ZyB3aWR0aD0iMSIgaGVpZ2h0PSIxIiB4bWxucz0iaHR0cDovL3d3dy53My5vcmcvMjAwMC9zdmciPjwvc3ZnPg==\" style=\"--smush-placeholder-width: 390px; --smush-placeholder-aspect-ratio: 390\/156;\" \/><\/p>\n<p>Przyprowadzaj\u0105c kogo\u015b do towarzystwa zawsze skorzystasz z atrakcyjnego rabatu na wybrany dla Was zabieg. Mo\u017cliwe jest r\u00f3wnie\u017c indywidualne skomponowanie pakiet\u00f3w na \u017cyczenie.<\/p>\n<p><span style=\"color: #800080;\"><strong>Urodzinowe szale\u0144stwo<\/strong><\/span><\/p>\n<p>Wystarczy twoja rejestracja do naszego newslettera, aby\u015b rokrocznie mog\u0142a skorzysta\u0107 z nieodp\u0142atnego rytua\u0142u, kt\u00f3ry wybierzemy dla Ciebie jako prezent \u2013 niespodziank\u0119. Bo przyjemno\u015bci nigdy za wiele..<\/p>\n<p>&nbsp;<\/p>\n<p>&nbsp;<\/p>\n","protected":false},"excerpt":{"rendered":"<p>Razem ra\u017aniej Razem z blisk\u0105 Ci osob\u0105, przyjaci\u00f3\u0142k\u0105, mam\u0105, c\u00f3rk\u0105 czy partnerem sp\u0119d\u017a czas przy wyszukanych rytua\u0142ach piel\u0119gnacyjnych i relaksacyjnych. French Kiss De Lux VIP + SPA D\u0142oni Ciesz si\u0119 wieloetapowym relaksuj\u0105cym zabiegiem, \u0142\u0105cz\u0105cym w sobie terapi\u0119 na cia\u0142o i na twarz: Poddaj si\u0119 relaksuj\u0105cemu zabiegowi na wybran\u0105 cz\u0119\u015b\u0107 cia\u0142a &#8211; zaczynamy od oczyszczaj\u0105cego peelingu [&hellip;]<\/p>\n","protected":false},"author":6,"featured_media":0,"parent":160,"menu_order":0,"comment_status":"open","ping_status":"open","template":"","meta":{"_uf_show_specific_survey":0,"_uf_disable_surveys":false,"__cvm_playback_settings":[],"__cvm_video_id":"","_glsr_average":0,"_glsr_ranking":0,"_glsr_reviews":0,"footnotes":""},"class_list":["post-1184","page","type-page","status-publish","czr-hentry"],"aioseo_notices":[],"_links":{"self":[{"href":"https:\/\/salon-urody.wroclaw.pl\/index.php\/wp-json\/wp\/v2\/pages\/1184","targetHints":{"allow":["GET"]}}],"collection":[{"href":"https:\/\/salon-urody.wroclaw.pl\/index.php\/wp-json\/wp\/v2\/pages"}],"about":[{"href":"https:\/\/salon-urody.wroclaw.pl\/index.php\/wp-json\/wp\/v2\/types\/page"}],"author":[{"embeddable":true,"href":"https:\/\/salon-urody.wroclaw.pl\/index.php\/wp-json\/wp\/v2\/users\/6"}],"replies":[{"embeddable":true,"href":"https:\/\/salon-urody.wroclaw.pl\/index.php\/wp-json\/wp\/v2\/comments?post=1184"}],"version-history":[{"count":0,"href":"https:\/\/salon-urody.wroclaw.pl\/index.php\/wp-json\/wp\/v2\/pages\/1184\/revisions"}],"up":[{"embeddable":true,"href":"https:\/\/salon-urody.wroclaw.pl\/index.php\/wp-json\/wp\/v2\/pages\/160"}],"wp:attachment":[{"href":"https:\/\/salon-urody.wroclaw.pl\/index.php\/wp-json\/wp\/v2\/media?parent=1184"}],"curies":[{"name":"wp","href":"https:\/\/api.w.org\/{rel}","templated":true}]}}